{"id":12552,"date":"2026-08-28T13:13:57","date_gmt":"2026-08-28T11:13:57","guid":{"rendered":"https:\/\/www.firenzejazzfestival.it\/?page_id=12552"},"modified":"2026-08-28T15:54:31","modified_gmt":"2026-08-28T13:54:31","slug":"wine-talk-il-conventino-caffe-letterario","status":"publish","type":"page","link":"https:\/\/www.firenzejazzfestival.it\/en\/wine-talk-il-conventino-caffe-letterario\/","title":{"rendered":"Wine Talk - Il Conventino Caff\u00e8 Letterario"},"content":{"rendered":"\t\t<div data-elementor-type=\"wp-page\" data-elementor-id=\"12552\" class=\"elementor elementor-12552\" data-elementor-settings=\"[]\">\n\t\t\t\t\t\t\t<div class=\"elementor-section-wrap\">\n\t\t\t\t\t\t\t<section class=\"elementor-section elementor-top-section elementor-element elementor-element-b1d1ffc elementor-section-boxed elementor-section-height-default elementor-section-height-default\" data-id=\"b1d1ffc\" data-element_type=\"section\">\n\t\t\t\t\t\t<div class=\"elementor-container elementor-column-gap-default\">\n\t\t\t\t\t<div class=\"elementor-column elementor-col-100 elementor-top-column elementor-element elementor-element-400fa79\" data-id=\"400fa79\" data-element_type=\"column\">\n\t\t\t<div class=\"elementor-widget-wrap\">\n\t\t\t\t\t\t\t\t\t<\/div>\n\t\t<\/div>\n\t\t\t\t\t\t\t<\/div>\n\t\t<\/section>\n\t\t\t\t<section class=\"elementor-section elementor-top-section elementor-element elementor-element-0e9eed4 elementor-section-boxed elementor-section-height-default elementor-section-height-default\" data-id=\"0e9eed4\" data-element_type=\"section\">\n\t\t\t\t\t\t<div class=\"elementor-container elementor-column-gap-default\">\n\t\t\t\t\t<div class=\"elementor-column elementor-col-100 elementor-top-column elementor-element elementor-element-02cda30\" data-id=\"02cda30\" data-element_type=\"column\">\n\t\t\t<div class=\"elementor-widget-wrap\">\n\t\t\t\t\t\t\t\t\t<\/div>\n\t\t<\/div>\n\t\t\t\t\t\t\t<\/div>\n\t\t<\/section>\n\t\t\t\t<section class=\"elementor-section elementor-top-section elementor-element elementor-element-fac9834 elementor-section-full_width elementor-section-height-default elementor-section-height-default\" data-id=\"fac9834\" data-element_type=\"section\">\n\t\t\t\t\t\t<div class=\"elementor-container elementor-column-gap-no\">\n\t\t\t\t\t<div class=\"elementor-column elementor-col-100 elementor-top-column elementor-element elementor-element-44e984d\" data-id=\"44e984d\" data-element_type=\"column\">\n\t\t\t<div class=\"elementor-widget-wrap elementor-element-populated\">\n\t\t\t\t\t\t\t\t<div class=\"elementor-element elementor-element-3a70b42 elementor-widget elementor-widget-menu-anchor\" data-id=\"3a70b42\" data-element_type=\"widget\" data-widget_type=\"menu-anchor.default\">\n\t\t\t\t<div class=\"elementor-widget-container\">\n\t\t\t\t\t<div id=\"home\" class=\"elementor-menu-anchor\"><\/div>\n\t\t\t\t<\/div>\n\t\t\t\t<\/div>\n\t\t\t\t\t<\/div>\n\t\t<\/div>\n\t\t\t\t\t\t\t<\/div>\n\t\t<\/section>\n\t\t\t\t<section class=\"elementor-section elementor-top-section elementor-element elementor-element-23dbcde elementor-section-boxed elementor-section-height-default elementor-section-height-default\" data-id=\"23dbcde\" data-element_type=\"section\" data-settings=\"{&quot;background_background&quot;:&quot;classic&quot;}\">\n\t\t\t\t\t\t<div class=\"elementor-container elementor-column-gap-default\">\n\t\t\t\t\t<div class=\"elementor-column elementor-col-50 elementor-top-column elementor-element elementor-element-f818a8b\" data-id=\"f818a8b\" data-element_type=\"column\">\n\t\t\t<div class=\"elementor-widget-wrap elementor-element-populated\">\n\t\t\t\t\t\t\t\t<div class=\"elementor-element elementor-element-56e9cb1 elementor-widget elementor-widget-heading\" data-id=\"56e9cb1\" data-element_type=\"widget\" data-widget_type=\"heading.default\">\n\t\t\t\t<div class=\"elementor-widget-container\">\n\t\t\t<h2 class=\"elementor-heading-title elementor-size-default\">WINE TALK<\/h2>\t\t<\/div>\n\t\t\t\t<\/div>\n\t\t\t\t<div class=\"elementor-element elementor-element-2eafd49 link2025 elementor-widget elementor-widget-text-editor\" data-id=\"2eafd49\" data-element_type=\"widget\" data-widget_type=\"text-editor.default\">\n\t\t\t\t<div class=\"elementor-widget-container\">\n\t\t\t\t\t\t\t\t<p><b>Gioved\u00ec 10 Settembre 2026, ore 20:30&nbsp;<\/b><\/p>\n<p><a href=\"https:\/\/maps.app.goo.gl\/KkxemcwnQcak2yC6A\">Il Conventino Caff\u00e8 Letterario<\/a> &#8211; Via Giano della Bella, 20, 50124 Firenze (FI)<\/p>\t\t\t\t\t\t<\/div>\n\t\t\t\t<\/div>\n\t\t\t\t<div class=\"elementor-element elementor-element-3c80393 elementor-align-justify elementor-widget__width-inherit elementor-widget elementor-widget-button\" data-id=\"3c80393\" data-element_type=\"widget\" data-widget_type=\"button.default\">\n\t\t\t\t<div class=\"elementor-widget-container\">\n\t\t\t\t\t<div class=\"elementor-button-wrapper\">\n\t\t\t<a href=\"https:\/\/www.diyticket.it\/festivals\/808\/firenze-jazz-festival-2026-x-edizione\" target=\"_blank\" class=\"elementor-button-link elementor-button elementor-size-md\" role=\"button\">\n\t\t\t\t\t\t<span class=\"elementor-button-content-wrapper\">\n\t\t\t\t\t\t<span class=\"elementor-button-icon elementor-align-icon-left\">\n\t\t\t\t<i aria-hidden=\"true\" class=\"fas fa-cart-plus\"><\/i>\t\t\t<\/span>\n\t\t\t\t\t\t<span class=\"elementor-button-text\">TICKETS<\/span>\n\t\t<\/span>\n\t\t\t\t\t<\/a>\n\t\t<\/div>\n\t\t\t\t<\/div>\n\t\t\t\t<\/div>\n\t\t\t\t<section class=\"elementor-section elementor-inner-section elementor-element elementor-element-78d6ed1 elementor-section-full_width elementor-section-height-default elementor-section-height-default\" data-id=\"78d6ed1\" data-element_type=\"section\">\n\t\t\t\t\t\t<div class=\"elementor-container elementor-column-gap-default\">\n\t\t\t\t\t\t\t\t<\/div>\n\t\t<\/section>\n\t\t\t\t\t<\/div>\n\t\t<\/div>\n\t\t\t\t<div class=\"elementor-column elementor-col-50 elementor-top-column elementor-element elementor-element-809d977\" data-id=\"809d977\" data-element_type=\"column\">\n\t\t\t<div class=\"elementor-widget-wrap elementor-element-populated\">\n\t\t\t\t\t\t\t\t<div class=\"elementor-element elementor-element-6a0d4c2 elementor-widget elementor-widget-image\" data-id=\"6a0d4c2\" data-element_type=\"widget\" data-widget_type=\"image.default\">\n\t\t\t\t<div class=\"elementor-widget-container\">\n\t\t\t\t\t\t\t\t\t\t\t\t\t\t\t<img loading=\"lazy\" decoding=\"async\" width=\"1234\" height=\"810\" src=\"https:\/\/www.firenzejazzfestival.it\/wp-content\/uploads\/2026\/08\/chianti_rufina.jpeg\" class=\"attachment-full size-full\" alt=\"\" srcset=\"https:\/\/www.firenzejazzfestival.it\/wp-content\/uploads\/2026\/08\/chianti_rufina.jpeg 1234w, https:\/\/www.firenzejazzfestival.it\/wp-content\/uploads\/2026\/08\/chianti_rufina-300x197.jpeg 300w, https:\/\/www.firenzejazzfestival.it\/wp-content\/uploads\/2026\/08\/chianti_rufina-1024x672.jpeg 1024w, https:\/\/www.firenzejazzfestival.it\/wp-content\/uploads\/2026\/08\/chianti_rufina-768x504.jpeg 768w, https:\/\/www.firenzejazzfestival.it\/wp-content\/uploads\/2026\/08\/chianti_rufina-560x368.jpeg 560w\" sizes=\"(max-width: 1234px) 100vw, 1234px\" \/>\t\t\t\t\t\t\t\t\t\t\t\t\t\t\t<\/div>\n\t\t\t\t<\/div>\n\t\t\t\t\t<\/div>\n\t\t<\/div>\n\t\t\t\t\t\t\t<\/div>\n\t\t<\/section>\n\t\t\t\t<section class=\"elementor-section elementor-top-section elementor-element elementor-element-80dcbb3 elementor-section-boxed elementor-section-height-default elementor-section-height-default\" data-id=\"80dcbb3\" data-element_type=\"section\" data-settings=\"{&quot;background_background&quot;:&quot;classic&quot;}\">\n\t\t\t\t\t\t<div class=\"elementor-container elementor-column-gap-default\">\n\t\t\t\t\t<div class=\"elementor-column elementor-col-50 elementor-top-column elementor-element elementor-element-de3f23a\" data-id=\"de3f23a\" data-element_type=\"column\" data-settings=\"{&quot;background_background&quot;:&quot;classic&quot;}\">\n\t\t\t<div class=\"elementor-widget-wrap\">\n\t\t\t\t\t\t\t\t\t<\/div>\n\t\t<\/div>\n\t\t\t\t<div class=\"elementor-column elementor-col-50 elementor-top-column elementor-element elementor-element-13b6b69\" data-id=\"13b6b69\" data-element_type=\"column\">\n\t\t\t<div class=\"elementor-widget-wrap elementor-element-populated\">\n\t\t\t\t\t\t\t\t<div class=\"elementor-element elementor-element-c686875 flag elementor-widget elementor-widget-text-editor\" data-id=\"c686875\" data-element_type=\"widget\" data-widget_type=\"text-editor.default\">\n\t\t\t\t<div class=\"elementor-widget-container\">\n\t\t\t\t\t\t\t\t<p><img loading=\"lazy\" decoding=\"async\" src=\"https:\/\/www.firenzejazzfestival.it\/wp-content\/uploads\/2025\/07\/Flag_IT-300x180.jpg\" alt=\"\" width=\"30\" height=\"18\" \/><b style=\"letter-spacing: 0em;\">Wine Talk \u2013 Oinops pontos. Ulisse, l\u2019Odissea e il \u201cmare color vino\u201d\u00a0<\/b><\/p><p><span style=\"letter-spacing: 0em;\">Con Francesco Sorelli (autore de La Molecola della Civilt\u00e0) e Francesco Astore (direttore FJF). Modera Francesca Basso.<\/span><\/p><p>Dal celebre esametro oinops pontos, il misterioso \u201cmare color vino\u201d di Omero, un emozionante viaggio nell\u2019Odissea e nella civilt\u00e0 del vino, tra le inquietudini di Ulisse, il vino-pharmakon, Polifemo ubriaco e la raffinata convivialit\u00e0 dei Feaci.<\/p><p><img loading=\"lazy\" decoding=\"async\" src=\"https:\/\/www.firenzejazzfestival.it\/wp-content\/uploads\/2025\/07\/Flag_UK-300x180.jpg\" alt=\"\" width=\"30\" height=\"18\" \/><span style=\"font-weight: bold; letter-spacing: 0em;\">Wine Talk \u2013 Oinops Pontos: Ulysses, the Odyssey and the \u201cWine-Dark Sea\u201d<\/span><\/p><p>With Francesco Sorelli, author of La Molecola della Civilt\u00e0 (The Molecule of Civilisation), and Francesco Astore, Director of FJF. Moderated by Francesca Basso.<br \/>Beginning with the famous Homeric expression oinops pontos, the mysterious \u201cwine-dark sea,\u201d this fascinating journey explores the Odyssey and the civilisation of wine: Ulysses\u2019 inner turmoil, wine as pharmakon, the drunken Polyphemus and the refined conviviality of the Phaeacians.<\/p><p>Thursday, 10 September 2026 \u2013 8:30 PM<br \/>Il Conventino Caff\u00e8 Letterario &#8211; Via Giano della Bella, 20, 50124 Florence (FI)<\/p>\t\t\t\t\t\t<\/div>\n\t\t\t\t<\/div>\n\t\t\t\t<div class=\"elementor-element elementor-element-5657344 elementor-widget elementor-widget-spacer\" data-id=\"5657344\" data-element_type=\"widget\" data-widget_type=\"spacer.default\">\n\t\t\t\t<div class=\"elementor-widget-container\">\n\t\t\t\t\t<div class=\"elementor-spacer\">\n\t\t\t<div class=\"elementor-spacer-inner\"><\/div>\n\t\t<\/div>\n\t\t\t\t<\/div>\n\t\t\t\t<\/div>\n\t\t\t\t\t<\/div>\n\t\t<\/div>\n\t\t\t\t\t\t\t<\/div>\n\t\t<\/section>\n\t\t\t\t\t\t<\/div>\n\t\t\t\t\t<\/div>\n\t\t","protected":false},"excerpt":{"rendered":"<p>WINE TALK Gioved\u00ec 10 Settembre 2026, ore 20:30&nbsp; Il Conventino Caff\u00e8 Letterario &#8211; Via Giano della Bella, 20, 50124 Firenze (FI) TICKETS Wine Talk \u2013 Oinops pontos. Ulisse, l\u2019Odissea e il \u201cmare color vino\u201d\u00a0 Con Francesco Sorelli (autore de La Molecola della Civilt\u00e0) e Francesco Astore (direttore FJF). Modera Francesca Basso. Dal celebre esametro oinops &hellip;<\/p>\n","protected":false},"author":11,"featured_media":0,"parent":0,"menu_order":0,"comment_status":"closed","ping_status":"closed","template":"","meta":{"footnotes":""},"yoast_head":"<!-- This site is optimized with the Yoast SEO plugin v23.0 - https:\/\/yoast.com\/wordpress\/plugins\/seo\/ -->\n<title>Wine Talk - Il Conventino Caff\u00e8 Letterario - Firenze Jazz Festival<\/title>\n<meta name=\"description\" content=\"WINE TALK Gioved\u00ec 10 Settembre 2026, ore 20:30&nbsp; Il Conventino Caff\u00e8 Letterario - Via Giano della Bella, 20, 50124 Firenze (FI) TICKETS Wine Talk \u2013 Oinops pontos. Ulisse, l\u2019Odissea e il \u201cmare color vino\u201d\u00a0Con Francesco Sorelli (autore de La Molecola della Civilt\u00e0) e Francesco Astore (direttore FJF). Modera Francesca Basso.Dal celebre esametro oinops pontos, il&hellip;\" \/>\n<meta name=\"robots\" content=\"index, follow, max-snippet:-1, max-image-preview:large, max-video-preview:-1\" \/>\n<link rel=\"canonical\" href=\"\" \/>\n<meta property=\"og:locale\" content=\"en_US\" \/>\n<meta property=\"og:type\" content=\"article\" \/>\n<meta property=\"og:title\" content=\"Wine Talk - Il Conventino Caff\u00e8 Letterario - Firenze Jazz Festival\" \/>\n<meta property=\"og:description\" content=\"WINE TALK Gioved\u00ec 10 Settembre 2026, ore 20:30&nbsp; Il Conventino Caff\u00e8 Letterario - Via Giano della Bella, 20, 50124 Firenze (FI) TICKETS Wine Talk \u2013 Oinops pontos. Ulisse, l\u2019Odissea e il \u201cmare color vino\u201d\u00a0Con Francesco Sorelli (autore de La Molecola della Civilt\u00e0) e Francesco Astore (direttore FJF). Modera Francesca Basso.Dal celebre esametro oinops pontos, il&hellip;\" \/>\n<meta property=\"og:url\" content=\"https:\/\/www.firenzejazzfestival.it\/en\/wine-talk-il-conventino-caffe-letterario\/\" \/>\n<meta property=\"og:site_name\" content=\"Firenze Jazz Festival\" \/>\n<meta property=\"article:publisher\" content=\"https:\/\/www.facebook.com\/firenzejazzfestival\" \/>\n<meta property=\"article:modified_time\" content=\"2026-08-28T13:54:31+00:00\" \/>\n<meta property=\"og:image\" content=\"https:\/\/www.firenzejazzfestival.it\/wp-content\/uploads\/2026\/08\/chianti_rufina.jpeg\" \/>\n<meta name=\"twitter:card\" content=\"summary_large_image\" \/>\n<meta name=\"twitter:label1\" content=\"Est. reading time\" \/>\n\t<meta name=\"twitter:data1\" content=\"1 minute\" \/>\n<script type=\"application\/ld+json\" class=\"yoast-schema-graph\">{\"@context\":\"https:\/\/schema.org\",\"@graph\":[{\"@type\":\"WebPage\",\"@id\":\"https:\/\/www.firenzejazzfestival.it\/en\/en\/wine-talk-il-conventino-caffe-letterario\/\",\"url\":\"https:\/\/www.firenzejazzfestival.it\/en\/en\/wine-talk-il-conventino-caffe-letterario\/\",\"name\":\"Wine Talk - Il Conventino Caff\u00e8 Letterario - Firenze Jazz Festival\",\"isPartOf\":{\"@id\":\"https:\/\/www.firenzejazzfestival.it\/#website\"},\"primaryImageOfPage\":{\"@id\":\"https:\/\/www.firenzejazzfestival.it\/en\/wine-talk-il-conventino-caffe-letterario\/#primaryimage\"},\"image\":{\"@id\":\"https:\/\/www.firenzejazzfestival.it\/en\/wine-talk-il-conventino-caffe-letterario\/#primaryimage\"},\"thumbnailUrl\":\"https:\/\/www.firenzejazzfestival.it\/wp-content\/uploads\/2026\/08\/chianti_rufina.jpeg\",\"datePublished\":\"2026-08-28T11:13:57+00:00\",\"dateModified\":\"2026-08-28T13:54:31+00:00\",\"breadcrumb\":{\"@id\":\"https:\/\/www.firenzejazzfestival.it\/en\/wine-talk-il-conventino-caffe-letterario\/#breadcrumb\"},\"inLanguage\":\"en-US\",\"potentialAction\":[{\"@type\":\"ReadAction\",\"target\":[\"https:\/\/www.firenzejazzfestival.it\/en\/wine-talk-il-conventino-caffe-letterario\/\"]}]},{\"@type\":\"ImageObject\",\"inLanguage\":\"en-US\",\"@id\":\"https:\/\/www.firenzejazzfestival.it\/en\/wine-talk-il-conventino-caffe-letterario\/#primaryimage\",\"url\":\"https:\/\/www.firenzejazzfestival.it\/wp-content\/uploads\/2026\/08\/chianti_rufina.jpeg\",\"contentUrl\":\"https:\/\/www.firenzejazzfestival.it\/wp-content\/uploads\/2026\/08\/chianti_rufina.jpeg\"},{\"@type\":\"BreadcrumbList\",\"@id\":\"https:\/\/www.firenzejazzfestival.it\/en\/wine-talk-il-conventino-caffe-letterario\/#breadcrumb\",\"itemListElement\":[{\"@type\":\"ListItem\",\"position\":1,\"name\":\"fjf-2026\",\"item\":\"https:\/\/www.firenzejazzfestival.it\/\"},{\"@type\":\"ListItem\",\"position\":2,\"name\":\"Wine Talk - Il Conventino Caff\u00e8 Letterario\"}]},{\"@type\":\"WebSite\",\"@id\":\"https:\/\/www.firenzejazzfestival.it\/en\/#website\",\"url\":\"https:\/\/www.firenzejazzfestival.it\/en\/\",\"name\":\"Firenze Jazz Festival\",\"description\":\"2025\",\"publisher\":{\"@id\":\"https:\/\/www.firenzejazzfestival.it\/en\/#organization\"},\"potentialAction\":[{\"@type\":\"SearchAction\",\"target\":{\"@type\":\"EntryPoint\",\"urlTemplate\":\"https:\/\/www.firenzejazzfestival.it\/en\/?s={search_term_string}\"},\"query-input\":\"required name=search_term_string\"}],\"inLanguage\":\"en-US\"},{\"@type\":\"Organization\",\"@id\":\"https:\/\/www.firenzejazzfestival.it\/en\/#organization\",\"name\":\"Firenze Jazz Festival\",\"url\":\"https:\/\/www.firenzejazzfestival.it\/en\/\",\"logo\":{\"@type\":\"ImageObject\",\"inLanguage\":\"en-US\",\"@id\":\"https:\/\/www.firenzejazzfestival.it\/en\/#\/schema\/logo\/image\/\",\"url\":\"https:\/\/www.firenzejazzfestival.it\/wp-content\/uploads\/2021\/08\/Logo_FJF.png\",\"contentUrl\":\"https:\/\/www.firenzejazzfestival.it\/wp-content\/uploads\/2021\/08\/Logo_FJF.png\",\"width\":483,\"height\":58,\"caption\":\"Firenze Jazz Festival\"},\"image\":{\"@id\":\"https:\/\/www.firenzejazzfestival.it\/en\/#\/schema\/logo\/image\/\"},\"sameAs\":[\"https:\/\/www.facebook.com\/firenzejazzfestival\",\"https:\/\/www.instagram.com\/firenze_jazzfestival\/\"]}]}<\/script>\n<!-- \/ Yoast SEO plugin. -->","yoast_head_json":{"title":"Wine Talk - Il Conventino Caff\u00e8 Letterario - Firenze Jazz Festival","description":"WINE TALK Gioved\u00ec 10 Settembre 2026, ore 20:30&nbsp; Il Conventino Caff\u00e8 Letterario - Via Giano della Bella, 20, 50124 Firenze (FI) TICKETS Wine Talk \u2013 Oinops pontos. Ulisse, l\u2019Odissea e il \u201cmare color vino\u201d\u00a0Con Francesco Sorelli (autore de La Molecola della Civilt\u00e0) e Francesco Astore (direttore FJF). Modera Francesca Basso.Dal celebre esametro oinops pontos, il&hellip;","robots":{"index":"index","follow":"follow","max-snippet":"max-snippet:-1","max-image-preview":"max-image-preview:large","max-video-preview":"max-video-preview:-1"},"canonical":"WINE TALK Gioved\u00ec 10 Settembre 2026, ore 20:30&nbsp; Il Conventino Caff\u00e8 Letterario - Via Giano della Bella, 20, 50124 Firenze (FI) TICKETS Wine Talk \u2013 Oinops pontos. Ulisse, l\u2019Odissea e il \u201cmare color vino\u201d\u00a0Con Francesco Sorelli (autore de La Molecola della Civilt\u00e0) e Francesco Astore (direttore FJF). Modera Francesca Basso.Dal celebre esametro oinops pontos, il&hellip;","og_locale":"en_US","og_type":"article","og_title":"Wine Talk - Il Conventino Caff\u00e8 Letterario - Firenze Jazz Festival","og_description":"WINE TALK Gioved\u00ec 10 Settembre 2026, ore 20:30&nbsp; Il Conventino Caff\u00e8 Letterario - Via Giano della Bella, 20, 50124 Firenze (FI) TICKETS Wine Talk \u2013 Oinops pontos. Ulisse, l\u2019Odissea e il \u201cmare color vino\u201d\u00a0Con Francesco Sorelli (autore de La Molecola della Civilt\u00e0) e Francesco Astore (direttore FJF). Modera Francesca Basso.Dal celebre esametro oinops pontos, il&hellip;","og_url":"https:\/\/www.firenzejazzfestival.it\/en\/wine-talk-il-conventino-caffe-letterario\/","og_site_name":"Firenze Jazz Festival","article_publisher":"https:\/\/www.facebook.com\/firenzejazzfestival","article_modified_time":"2026-08-28T13:54:31+00:00","og_image":[{"url":"https:\/\/www.firenzejazzfestival.it\/wp-content\/uploads\/2026\/08\/chianti_rufina.jpeg"}],"twitter_card":"summary_large_image","twitter_misc":{"Est. reading time":"1 minute"},"schema":{"@context":"https:\/\/schema.org","@graph":[{"@type":"WebPage","@id":"https:\/\/www.firenzejazzfestival.it\/en\/en\/wine-talk-il-conventino-caffe-letterario\/","url":"https:\/\/www.firenzejazzfestival.it\/en\/en\/wine-talk-il-conventino-caffe-letterario\/","name":"Wine Talk - Il Conventino Caff\u00e8 Letterario - Firenze Jazz Festival","isPartOf":{"@id":"https:\/\/www.firenzejazzfestival.it\/#website"},"primaryImageOfPage":{"@id":"https:\/\/www.firenzejazzfestival.it\/en\/wine-talk-il-conventino-caffe-letterario\/#primaryimage"},"image":{"@id":"https:\/\/www.firenzejazzfestival.it\/en\/wine-talk-il-conventino-caffe-letterario\/#primaryimage"},"thumbnailUrl":"https:\/\/www.firenzejazzfestival.it\/wp-content\/uploads\/2026\/08\/chianti_rufina.jpeg","datePublished":"2026-08-28T11:13:57+00:00","dateModified":"2026-08-28T13:54:31+00:00","breadcrumb":{"@id":"https:\/\/www.firenzejazzfestival.it\/en\/wine-talk-il-conventino-caffe-letterario\/#breadcrumb"},"inLanguage":"en-US","potentialAction":[{"@type":"ReadAction","target":["https:\/\/www.firenzejazzfestival.it\/en\/wine-talk-il-conventino-caffe-letterario\/"]}]},{"@type":"ImageObject","inLanguage":"en-US","@id":"https:\/\/www.firenzejazzfestival.it\/en\/wine-talk-il-conventino-caffe-letterario\/#primaryimage","url":"https:\/\/www.firenzejazzfestival.it\/wp-content\/uploads\/2026\/08\/chianti_rufina.jpeg","contentUrl":"https:\/\/www.firenzejazzfestival.it\/wp-content\/uploads\/2026\/08\/chianti_rufina.jpeg"},{"@type":"BreadcrumbList","@id":"https:\/\/www.firenzejazzfestival.it\/en\/wine-talk-il-conventino-caffe-letterario\/#breadcrumb","itemListElement":[{"@type":"ListItem","position":1,"name":"fjf-2026","item":"https:\/\/www.firenzejazzfestival.it\/"},{"@type":"ListItem","position":2,"name":"Wine Talk - Il Conventino Caff\u00e8 Letterario"}]},{"@type":"WebSite","@id":"https:\/\/www.firenzejazzfestival.it\/en\/#website","url":"https:\/\/www.firenzejazzfestival.it\/en\/","name":"Firenze Jazz Festival","description":"2025","publisher":{"@id":"https:\/\/www.firenzejazzfestival.it\/en\/#organization"},"potentialAction":[{"@type":"SearchAction","target":{"@type":"EntryPoint","urlTemplate":"https:\/\/www.firenzejazzfestival.it\/en\/?s={search_term_string}"},"query-input":"required name=search_term_string"}],"inLanguage":"en-US"},{"@type":"Organization","@id":"https:\/\/www.firenzejazzfestival.it\/en\/#organization","name":"Firenze Jazz Festival","url":"https:\/\/www.firenzejazzfestival.it\/en\/","logo":{"@type":"ImageObject","inLanguage":"en-US","@id":"https:\/\/www.firenzejazzfestival.it\/en\/#\/schema\/logo\/image\/","url":"https:\/\/www.firenzejazzfestival.it\/wp-content\/uploads\/2021\/08\/Logo_FJF.png","contentUrl":"https:\/\/www.firenzejazzfestival.it\/wp-content\/uploads\/2021\/08\/Logo_FJF.png","width":483,"height":58,"caption":"Firenze Jazz Festival"},"image":{"@id":"https:\/\/www.firenzejazzfestival.it\/en\/#\/schema\/logo\/image\/"},"sameAs":["https:\/\/www.facebook.com\/firenzejazzfestival","https:\/\/www.instagram.com\/firenze_jazzfestival\/"]}]}},"_links":{"self":[{"href":"https:\/\/www.firenzejazzfestival.it\/en\/wp-json\/wp\/v2\/pages\/12552"}],"collection":[{"href":"https:\/\/www.firenzejazzfestival.it\/en\/wp-json\/wp\/v2\/pages"}],"about":[{"href":"https:\/\/www.firenzejazzfestival.it\/en\/wp-json\/wp\/v2\/types\/page"}],"author":[{"embeddable":true,"href":"https:\/\/www.firenzejazzfestival.it\/en\/wp-json\/wp\/v2\/users\/11"}],"replies":[{"embeddable":true,"href":"https:\/\/www.firenzejazzfestival.it\/en\/wp-json\/wp\/v2\/comments?post=12552"}],"version-history":[{"count":8,"href":"https:\/\/www.firenzejazzfestival.it\/en\/wp-json\/wp\/v2\/pages\/12552\/revisions"}],"predecessor-version":[{"id":12598,"href":"https:\/\/www.firenzejazzfestival.it\/en\/wp-json\/wp\/v2\/pages\/12552\/revisions\/12598"}],"wp:attachment":[{"href":"https:\/\/www.firenzejazzfestival.it\/en\/wp-json\/wp\/v2\/media?parent=12552"}],"curies":[{"name":"wp","href":"https:\/\/api.w.org\/{rel}","templated":true}]}}